{"id":214,"date":"2017-10-14T23:13:34","date_gmt":"2017-10-14T22:13:34","guid":{"rendered":"http:\/\/praxis-koenn.de\/?page_id=214"},"modified":"2020-10-12T11:27:26","modified_gmt":"2020-10-12T10:27:26","slug":"impressum-2","status":"publish","type":"page","link":"https:\/\/praxis-koenn.de\/?page_id=214","title":{"rendered":"Impressum"},"content":{"rendered":"<h4>Verantwortlich f\u00fcr den Inhalt<\/h4>\n<p>Kinder- und Jugendlichenpsychotherapeutin<br \/>\nSandra K\u00f6nn<br \/>\nKriegstrasse 4<br \/>\n68794 Oberhausen-Rheinhausen<\/p>\n<h4>Kontakt<\/h4>\n<p>Telefon: 07254 \u2013 953 378<br \/>\nMobil: 0176 \u2013 471 255 83<br \/>\nFax: 07254 \u2013 404 5772<br \/>\nE-Mail: <a href=\"mailto:s.koenn@praxis-koenn.de\">s.koenn@praxis-koenn.de<\/a><\/p>\n<h4>Gesetzliche Berufsbezeichnung<\/h4>\n<p>Kinder- und Jugendlichenpsychotherapeutin<br \/>\nBerufsbezeichnung verliehen in der Bundesrepublik Deutschland (Baden-W\u00fcrttemberg)<\/p>\n<h4>Zust\u00e4ndige \u00c4rztekammer<\/h4>\n<p>Landes\u00e4rztekammer Baden-W\u00fcrttemberg<br \/>\nK\u00f6rperschaft des \u00f6ffentlichen Rechts<br \/>\nJahnstra\u00dfe 40<br \/>\n70597 Stuttgart<br \/>\nTelefon: 0711 &#8211; 769 89 0<br \/>\nTelefax: 0711 &#8211; 769 89 50<br \/>\n<a href=\"http:\/\/www.aerztekammer-bw.de\">www.aerztekammer-bw.de<\/a><\/p>\n<h4>Landespsychotherapeutenkammer Baden-W\u00fcrttemberg (LPK BW) \u2013 K\u00f6rperschaft des<br \/>\n\u00f6ffentlichen Rechts<\/h4>\n<p>J\u00e4gerstr. 40<br \/>\n70174 Stuttgart<br \/>\nTelefon: 0711 674470-0<br \/>\nTelefax: 0711 674470-15<br \/>\nE-Mail: <a href=\"mailto:info@lpk-bw.de\">info@lpk-bw.de<\/a><\/p>\n<h4>Zust\u00e4ndige Aufsichtsbeh\u00f6rde<\/h4>\n<p>Kassen\u00e4rztliche Vereinigung Baden-W\u00fcrttemberg<br \/>\nAlbstadtweg 11<br \/>\n70567 Stuttgart<br \/>\nTelefon: (07 11) 78 75 &#8211; 0<br \/>\nTelefax: (07 11) 78 75 &#8211; 2 74<br \/>\nE-Mail: <a href=\"mailto:hauptverwaltung@kvbawue.de\">hauptverwaltung@kvbawue.de<\/a><br \/>\n<a href=\"http:\/\/www.kvbawue.de\">www.kvbawue.de<\/a><\/p>\n<h4>Arztregistereintrag<\/h4>\n<p>Nr. 780766969 (Arztregister Baden-W\u00fcrttemberg, Karlsruhe)<\/p>\n<h4>Urheberrechte<\/h4>\n<p>Text, Bilder und Grafiken sowie deren Anordnung auf der Website unterliegen dem<br \/>\nSchutz des Urheberrechts und anderer Schutzgesetze.<br \/>\nDer Inhalt dieser Website darf nicht zu kommerziellen Zwecken kopiert, verbreitet,<br \/>\nver\u00e4ndert oder Dritten zug\u00e4nglich gemacht werden.<\/p>\n<h4>Haftungsauschluss<\/h4>\n<p>Diese Website wurde mit gr\u00f6\u00dftm\u00f6glicher Sorgfalt zusammengestellt. Trotzdem kann keine<br \/>\nGew\u00e4hr f\u00fcr die Fehlerfreiheit und Genauigkeit der enthaltenen Informationen<br \/>\n\u00fcbernommen werden. Jegliche Haftung f\u00fcr Sch\u00e4den, die direkt oder indirekt aus der<br \/>\nBenutzung dieser Website entstehen, wird ausgeschlossen, soweit diese nicht auf Vorsatz<br \/>\noder grober Fahrl\u00e4ssigkeit beruhen.<br \/>\nSofern von dieser Website auf Internetseiten verwiesen wird, die von Dritten betrieben<br \/>\nwerden, \u00fcbernehme ich keine Verantwortung f\u00fcr deren Inhalte.<\/p>\n<h4>Datenschutz<\/h4>\n<p>Die Nutzung unserer Webseite ist in der Regel ohne Angabe personenbezogener Daten<br \/>\nm\u00f6glich. Soweit auf unseren Seiten personenbezogene Daten (beispielsweise Name,<br \/>\nAnschrift oder eMail-Adressen) erhoben werden, erfolgt dies ausschlie\u00dflich auf freiwilliger<br \/>\nBasis. Diese Daten werden ohne Ihre ausdr\u00fcckliche Zustimmung nicht an Dritte<br \/>\nweitergegeben.<br \/>\nWir weisen darauf hin, dass die Daten\u00fcbertragung im Internet (z.B. bei der Kommunikation<br \/>\nper E-Mail) Sicherheitsl\u00fccken aufweisen kann. Ein l\u00fcckenloser Schutz der Daten vor dem<br \/>\nZugriff durch Dritte ist nicht m\u00f6glich.<br \/>\nDer Nutzung von im Rahmen der Impressumspflicht ver\u00f6ffentlichten Kontaktdaten durch<br \/>\nDritte zur \u00dcbersendung von nicht ausdr\u00fccklich angeforderter Werbung und<br \/>\nInformationsmaterialien wird hiermit ausdr\u00fccklich widersprochen. Die Betreiber der Seiten<br \/>\nbehalten sich ausdr\u00fccklich rechtliche Schritte im Falle der unverlangten Zusendung von<br \/>\nWerbeinformationen, etwa durch Spam-Mails, vor.<br \/>\nAusf\u00fchrliche Informationen zum Datenschutz finden Sie unter folgendem Link:<\/p>\n<p><a href=\"https:\/\/praxis-koenn.de\/wp-content\/uploads\/2020\/10\/Datenschutz-Information.pdf\" target=\"_blank\" rel=\"noopener noreferrer\">Datenschutzerkl\u00e4rung nach den Vorgaben der Datenschutzgrundverordnung (DSGVO)<\/a><\/p>\n","protected":false},"excerpt":{"rendered":"<p>Verantwortlich f\u00fcr den Inhalt Kinder- und Jugendlichenpsychotherapeutin Sandra K\u00f6nn Kriegstrasse 4 68794 Oberhausen-Rheinhausen Kontakt Telefon: 07254 \u2013 953 378 Mobil: 0176 \u2013 471 255 83 Fax: 07254 \u2013 404 5772 E-Mail: s.koenn@praxis-koenn.de Gesetzliche Berufsbezeichnung Kinder- und Jugendlichenpsychotherapeutin Berufsbezeichnung verliehen in der Bundesrepublik Deutschland (Baden-W\u00fcrttemberg) Zust\u00e4ndige \u00c4rztekammer Landes\u00e4rztekammer Baden-W\u00fcrttemberg K\u00f6rperschaft des \u00f6ffentlichen Rechts Jahnstra\u00dfe 40 70597 &hellip;<\/p>\n","protected":false},"author":1,"featured_media":0,"parent":0,"menu_order":0,"comment_status":"closed","ping_status":"closed","template":"","meta":{"footnotes":""},"class_list":["post-214","page","type-page","status-publish","hentry"],"_links":{"self":[{"href":"https:\/\/praxis-koenn.de\/index.php?rest_route=\/wp\/v2\/pages\/214","targetHints":{"allow":["GET"]}}],"collection":[{"href":"https:\/\/praxis-koenn.de\/index.php?rest_route=\/wp\/v2\/pages"}],"about":[{"href":"https:\/\/praxis-koenn.de\/index.php?rest_route=\/wp\/v2\/types\/page"}],"author":[{"embeddable":true,"href":"https:\/\/praxis-koenn.de\/index.php?rest_route=\/wp\/v2\/users\/1"}],"replies":[{"embeddable":true,"href":"https:\/\/praxis-koenn.de\/index.php?rest_route=%2Fwp%2Fv2%2Fcomments&post=214"}],"version-history":[{"count":6,"href":"https:\/\/praxis-koenn.de\/index.php?rest_route=\/wp\/v2\/pages\/214\/revisions"}],"predecessor-version":[{"id":484,"href":"https:\/\/praxis-koenn.de\/index.php?rest_route=\/wp\/v2\/pages\/214\/revisions\/484"}],"wp:attachment":[{"href":"https:\/\/praxis-koenn.de\/index.php?rest_route=%2Fwp%2Fv2%2Fmedia&parent=214"}],"curies":[{"name":"wp","href":"https:\/\/api.w.org\/{rel}","templated":true}]}}